{"id":8,"date":"2025-08-15T03:56:50","date_gmt":"2025-08-15T03:56:50","guid":{"rendered":"https:\/\/pflege-nagorsen.de\/wordpress\/?page_id=8"},"modified":"2025-08-15T18:35:30","modified_gmt":"2025-08-15T18:35:30","slug":"das-pflegemodell-nach-krohwinkel","status":"publish","type":"page","link":"https:\/\/pflege-nagorsen.de\/index.php\/das-pflegemodell-nach-krohwinkel\/","title":{"rendered":"Das Pflegemodell nach Krohwinkel"},"content":{"rendered":"\t\t<div data-elementor-type=\"wp-post\" data-elementor-id=\"8\" class=\"elementor elementor-8\">\n\t\t\t\t\t\t<section class=\"elementor-section elementor-top-section elementor-element elementor-element-71ad1ed elementor-section-boxed elementor-section-height-default elementor-section-height-default\" data-id=\"71ad1ed\" data-element_type=\"section\">\n\t\t\t\t\t\t<div class=\"elementor-container elementor-column-gap-default\">\n\t\t\t\t\t<div class=\"elementor-column elementor-col-100 elementor-top-column elementor-element elementor-element-db50b70\" data-id=\"db50b70\" data-element_type=\"column\">\n\t\t\t<div class=\"elementor-widget-wrap elementor-element-populated\">\n\t\t\t\t\t\t<div class=\"elementor-element elementor-element-7607547 elementor-widget elementor-widget-image\" data-id=\"7607547\" data-element_type=\"widget\" data-widget_type=\"image.default\">\n\t\t\t\t<div class=\"elementor-widget-container\">\n\t\t\t\t\t\t\t\t\t\t\t\t\t\t\t<img fetchpriority=\"high\" decoding=\"async\" width=\"1920\" height=\"1280\" src=\"https:\/\/pflege-nagorsen.de\/wp-content\/uploads\/2025\/08\/AdobeStock_418596951-1920px.jpg\" class=\"attachment-2048x2048 size-2048x2048 wp-image-17\" alt=\"\" srcset=\"https:\/\/pflege-nagorsen.de\/wp-content\/uploads\/2025\/08\/AdobeStock_418596951-1920px.jpg 1920w, https:\/\/pflege-nagorsen.de\/wp-content\/uploads\/2025\/08\/AdobeStock_418596951-1920px-300x200.jpg 300w, https:\/\/pflege-nagorsen.de\/wp-content\/uploads\/2025\/08\/AdobeStock_418596951-1920px-1024x683.jpg 1024w, https:\/\/pflege-nagorsen.de\/wp-content\/uploads\/2025\/08\/AdobeStock_418596951-1920px-768x512.jpg 768w, https:\/\/pflege-nagorsen.de\/wp-content\/uploads\/2025\/08\/AdobeStock_418596951-1920px-1536x1024.jpg 1536w, https:\/\/pflege-nagorsen.de\/wp-content\/uploads\/2025\/08\/AdobeStock_418596951-1920px-1000x667.jpg 1000w, https:\/\/pflege-nagorsen.de\/wp-content\/uploads\/2025\/08\/AdobeStock_418596951-1920px-230x153.jpg 230w, https:\/\/pflege-nagorsen.de\/wp-content\/uploads\/2025\/08\/AdobeStock_418596951-1920px-350x233.jpg 350w, https:\/\/pflege-nagorsen.de\/wp-content\/uploads\/2025\/08\/AdobeStock_418596951-1920px-480x320.jpg 480w\" sizes=\"(max-width: 1920px) 100vw, 1920px\" \/>\t\t\t\t\t\t\t\t\t\t\t\t\t\t\t<\/div>\n\t\t\t\t<\/div>\n\t\t\t\t\t<\/div>\n\t\t<\/div>\n\t\t\t\t\t<\/div>\n\t\t<\/section>\n\t\t\t\t<section class=\"elementor-section elementor-top-section elementor-element elementor-element-8c144e9 elementor-section-boxed elementor-section-height-default elementor-section-height-default\" data-id=\"8c144e9\" data-element_type=\"section\">\n\t\t\t\t\t\t<div class=\"elementor-container elementor-column-gap-default\">\n\t\t\t\t\t<div class=\"elementor-column elementor-col-100 elementor-top-column elementor-element elementor-element-a30d0b9\" data-id=\"a30d0b9\" data-element_type=\"column\">\n\t\t\t<div class=\"elementor-widget-wrap elementor-element-populated\">\n\t\t\t\t\t\t<div class=\"elementor-element elementor-element-fbe2b1f elementor-widget elementor-widget-text-editor\" data-id=\"fbe2b1f\" data-element_type=\"widget\" data-widget_type=\"text-editor.default\">\n\t\t\t\t<div class=\"elementor-widget-container\">\n\t\t\t\t\t\t\t\t\t<h4><span style=\"color: #ffffff;\">Das Pflegemodell nach Monika Krohwinkel<\/span><\/h4><p><span style=\"color: #ffffff;\">Wir, der h\u00e4usliche Pflegedienst Nagorsen &amp; Co. GmbH , halten das Modell von Monika Krohwinkel als geeignet f\u00fcr unsere Einrichtung. Das Modell hat sich im Pflegealltag bew\u00e4hrt, besch\u00e4ftigt sich haupts\u00e4chlich mit den alten Menschen und l\u00e4sst sich praxisbezogen hervorragend einsetzen. Monika Krohwinkel ist Professorin f\u00fcr Pflege an der Fachhochschule Darmstadt. Sie ver\u00f6ffentlichte erstmals 1984 ihr konzeptionelles Modell der Aktivit\u00e4ten und existentiellen Erfahrungen des Lebens. 1991 wurde das Modell in einer abgeschlossenen Studie an Apoplexieerkrankten und deren Bezugspersonen erprobt und weiterentwickelt. Diese Studie war die erste von einer Pflegenden durchgef\u00fchrte wissenschaftliche Studie im Auftrag des Bundesministeriums f\u00fcr Gesundheit in Deutschland. Sie befasste sich mit der ganzheitlich rehabilitierenden Prozesspflege am Beispiel von Apoplexieerkrankten.<\/span><\/p><p><span style=\"color: #ffffff;\">Das Modell von Monika Krohwinkel wird sehr stark beeinflusst von den Pflegetheoretikerinnen Orem, Rogers, Peplau, Travelbee, Henderson, Logan und Thierney. Inspiriert wurde sie auch von Theorien der Psychologen Maslow und Rogers.<\/span><\/p><h4><span style=\"color: #ffffff;\">Kernaussagen im Konzept der f\u00f6rdernden Prozesspflege nach Monika Krohwinkel:<\/span><\/h4><h4><span style=\"color: #ffffff;\">Mensch:<\/span><\/h4><ul><li><span style=\"color: #ffffff;\">Als Mensch werden der Patient sowie die Bezugspflegeperson bezeichnet. Krohwinkel sieht den Menschen als &#8222;einheitliches, integrales ganzes, das mehr und anders ist als die Summe seiner Teile mit seiner Identit\u00e4t und Integrit\u00e4t&#8220; (Rogers, 1970). Der Mensch ist ein durch Erfahrung gepr\u00e4gtes Lebewesen und er ist f\u00e4hig, sich zu entwickeln, zu wachsen und sich selbst zu verwirklichen unabh\u00e4ngig von Alter, Krankheit und Behinderung.<\/span><\/li><\/ul><h4><span style=\"color: #ffffff;\">Umgebung:<\/span><\/h4><ul><li><span style=\"color: #ffffff;\">In der ganzheitlichen Sicht ist die Umgebung der wesentliche Faktor f\u00fcr das Leben, Gesundheit und Wohlbefinden. Mensch und Umgebung sind wechselseitig beeinflussende Systeme. Zur Umgebung z\u00e4hlen neben allen Lebewesen, auch \u00f6kologische, physikalische, materielle und gesellschaftliche Faktoren. Der Bedarf an Ver\u00e4nderungen der Umgebung wird besonders deutliche im Bereich der Rehabilitation und bei Einzug in ein Seniorenheim.<\/span><\/li><\/ul><h4><span style=\"color: #ffffff;\">Gesundheit und Krankheit:<\/span><\/h4><ul><li><span style=\"color: #ffffff;\">Monika Krohwinkel definiert Krankheit und Gesundheit als dynamischen Prozess. Die Pflegekr\u00e4fte konzentrieren ihre Arbeit nicht nur auf medizinische Berufe, sondern sie beziehen die Ressourcen des Menschen mit ein, die es zu st\u00fctzen, zu f\u00f6rdern und zu erhalten gilt. Als Gesundheit wird die Lebensqualit\u00e4t bezeichnet, die der pflegebed\u00fcrftige Mensch f\u00fcr sich als Wohlbefinden und Unabh\u00e4ngigkeit definiert.<\/span><\/li><\/ul><h4><span style=\"color: #ffffff;\">Pflegemodell AEDL Krohwinkel:<\/span><\/h4><ul><li><span style=\"color: #ffffff;\">Der h\u00e4usliche Pflegedienst Nagorsen &amp; Co. GmbH hat sich in seinen Arbeitsgrundlagen dem Pflegemodell von Monika Krohwinkel verschrieben.<\/span><\/li><\/ul><h4><span style=\"color: #ffffff;\">Pflegetheorie und -modelle: (= wissenschaftliche Bezugsrahmen der Pflege)<\/span><\/h4><h4><span style=\"color: #ffffff;\">Entwickeln sich aus:<\/span><\/h4><ul><li><span style=\"color: #ffffff;\">Rein theoretischen Annahmen<\/span><\/li><li><span style=\"color: #ffffff;\">Praktischen Erfahrungen<\/span><\/li><\/ul><h4><span style=\"color: #ffffff;\">Alle modernen Pflegetheorien beziehen ihre Inhalte aus anderen Disziplinen ein:<\/span><\/h4><ul><li><span style=\"color: #ffffff;\">Humanwissenschaft<\/span><\/li><li><span style=\"color: #ffffff;\">Geisteswissenschaft<\/span><\/li><li><span style=\"color: #ffffff;\">Sozialwissenschaft<\/span><\/li><\/ul><h4><span style=\"color: #ffffff;\">Die Pflegetheorien beeinflussen Pflegepraxis, Pflegeausbildung und Pflegeleitbilder!<\/span><\/h4><p><span style=\"color: #ffffff;\">Die Pflegetheorien sind notwendig f\u00fcr Umsetzung und Installation einer ganzheitlichen, individuellen und personenbezogenen Pflege.<\/span><\/p><p><span style=\"color: #ffffff;\">Durch Einfluss der Wissenschaft auf die Alten- und Krankenpflege entwickelte sich der konzeptionelle Rahmen f\u00fcr die Pflege, hierunter kann der Pflegeprozess und die Pflegemodelle verstanden werden.<\/span><\/p><p><span style=\"color: #ffffff;\">Das AEDL Strukturmodell nach Monika Krohwinkel ist ein Pflegemodell, das sich f\u00fcr Pflege psychisch Alterskranker gut eignet. Der gerontopsychiatrische ver\u00e4nderte Mensch ben\u00f6tigt Unterst\u00fctzung bei den Lebensaktivit\u00e4ten, die er selbst nicht mehr wahrnehmen \/ durchf\u00fchren kann. Die Pflege muss personenbezogen (Bezugsfachpflege) sein, mit dem Ziel einer bestm\u00f6glichen Lebensqualit\u00e4t.<\/span><\/p><ul><li><span style=\"color: #ffffff;\">Defizite werden ausgeglichen, nicht nur blo\u00dfgestellt<\/span><\/li><li><span style=\"color: #ffffff;\">Ressourcen sind gezielt in die pflegerische Handlung einzubeziehen<\/span><\/li><\/ul><p><span style=\"color: #ffffff;\">Auf Basis von Pflegetheorien wurden Modelle entwickelt, die das komplexere Geschehen der Pflege vereinfachen, systematisch abbilden und die als grundlegendes Pflegeverst\u00e4ndnis dienen k\u00f6nnen.<\/span><\/p><p><span style=\"color: #ffffff;\">Den Mitarbeitern unseres Pflegedienstes sollte das Pflegemodell als Arbeitsgrundlage bekannt sein und entsprechend im Pflegeprozess verwirklicht werden.<\/span><\/p><h4><span style=\"color: #ffffff;\">Pflege:<\/span><\/h4><p><span style=\"color: #ffffff;\">Die prim\u00e4r pflegerische Zielsetzung des Modells ist das Erhalten, F\u00f6rdern bzw. Wiedererlangen von Unabh\u00e4ngigkeit, Wohlbefinden und Lebensqualit\u00e4t des pflegebed\u00fcrftigen Menschen in seinen Aktivit\u00e4ten und existentiellen Erfahrungen des Lebens. Um dies umzusetzen, sind insbesondere Die F\u00e4higkeiten der pflegebed\u00fcrftigen Person und\/oder ihre pers\u00f6nliche Bezugsperson (Angeh\u00f6rige \/ Lebenspartner \/ Freunde) gezielt zu erfassen, zu st\u00fctzen und zu f\u00f6rdern. Diese Ziele bleiben bestehen, unabh\u00e4ngig davon, ob der pflegebed\u00fcrftige Mensch gesund, krank, behindert oder sterbend ist.<\/span><\/p><h4><span style=\"color: #ffffff;\">Der professionellen Pflege stehen f\u00fcnf grundlegende Methoden zur Hilfeleistung zur Verf\u00fcgung:<\/span><\/h4><ul><li><span style=\"color: #ffffff;\">F\u00fcr den pflegebed\u00fcrftigen Menschen handeln<\/span><\/li><li><span style=\"color: #ffffff;\">Ihn f\u00fchren und leiten<\/span><\/li><li><span style=\"color: #ffffff;\">F\u00fcr eine Umgebung sorgen, die einer positiven Entwicklung f\u00f6rderlich ist<\/span><\/li><li><span style=\"color: #ffffff;\">Ihn unterst\u00fctzen<\/span><\/li><li><span style=\"color: #ffffff;\">Den pflegebed\u00fcrftigen Menschen und seine Bezugsperson anleiten, beraten, unterrichten und f\u00f6rdern<\/span><\/li><\/ul><h4><span style=\"color: #ffffff;\">Das AEDL Strukturmodell<\/span><\/h4><p><span style=\"color: #ffffff;\">Krohwinkel bringt pflegerische Bed\u00fcrfnisse in Zusammenhang mit Aktivit\u00e4ten und existentiellen Erfahrungen des Lebens, die sie in ihrem Modell beschreibt. Sie benennt 13 Bereiche, die untereinander in Wechselbeziehung stehen, aber keiner Hierarchie unterliegen. Um den Menschen ganzheitlich zu sehen, muss neben der jeweils einzelnen Betrachtung jeder AEDL auch ihre Auswirkungen auf die anderen AEDL Bereiche ber\u00fccksichtigt werden.<\/span><\/p><h4><span style=\"color: #ffffff;\">AEDL:<\/span><\/h4><ul><li><span style=\"color: #ffffff;\">Kommunizieren k\u00f6nnen<\/span><\/li><li><span style=\"color: #ffffff;\">Sich bewegen k\u00f6nnen<\/span><\/li><li><span style=\"color: #ffffff;\">Vitale Funktionen aufrechterhalten<\/span><\/li><li><span style=\"color: #ffffff;\">Sich pflegen k\u00f6nnen<\/span><\/li><li><span style=\"color: #ffffff;\">Essen und Trinken k\u00f6nnen<\/span><\/li><li><span style=\"color: #ffffff;\">Ausscheiden k\u00f6nnen<\/span><\/li><li><span style=\"color: #ffffff;\">Sich kleiden k\u00f6nnen<\/span><\/li><li><span style=\"color: #ffffff;\">Ruhen, Schlafen und sich entspannen k\u00f6nnen<\/span><\/li><li><span style=\"color: #ffffff;\">Sich besch\u00e4ftigen lernen und sich entwickeln k\u00f6nnen<\/span><\/li><li><span style=\"color: #ffffff;\">Sich als Mann oder Frau f\u00fchlen und verhalten k\u00f6nnen<\/span><\/li><li><span style=\"color: #ffffff;\">F\u00fcr eine sichere und f\u00f6rdernde Umgebung sorgen k\u00f6nnen<\/span><\/li><li><span style=\"color: #ffffff;\">Soziale Bereiche des Lebens sichern und Beziehungen gestalten k\u00f6nnen<\/span><\/li><li><span style=\"color: #ffffff;\">Mit den existentiellen Erfahrungen des Lebens umgehen k\u00f6nnen<\/span><\/li><\/ul><p><span style=\"color: #ffffff;\">Eine Besonderheit stellen die existentiellen Erfahrungen des Lebens dar. Der Mensch hat im Laufe seines Lebens eine Reihe von Erfahrungen gesammelt, negative wie positive, die sich in \u00e4hnlichen Situationen auf sein Leben auswirken. Erfahrungen aus seinem fr\u00fcheren Leben k\u00f6nnen die Zufriedenheit, das psychische Wohlbefinden und die k\u00f6rperliche Verfassung beeinflussen.<\/span><\/p>\t\t\t\t\t\t\t\t<\/div>\n\t\t\t\t<\/div>\n\t\t\t\t\t<\/div>\n\t\t<\/div>\n\t\t\t\t\t<\/div>\n\t\t<\/section>\n\t\t\t\t<\/div>\n\t\t","protected":false},"excerpt":{"rendered":"<p>Das Pflegemodell nach Monika Krohwinkel Wir, der h\u00e4usliche Pflegedienst Nagorsen &amp; Co. GmbH , halten das Modell von Monika Krohwinkel als geeignet [&hellip;]<\/p>\n","protected":false},"author":1,"featured_media":0,"parent":0,"menu_order":0,"comment_status":"closed","ping_status":"closed","template":"","meta":{"footnotes":""},"class_list":["post-8","page","type-page","status-publish","hentry"],"aioseo_notices":[],"_links":{"self":[{"href":"https:\/\/pflege-nagorsen.de\/index.php\/wp-json\/wp\/v2\/pages\/8","targetHints":{"allow":["GET"]}}],"collection":[{"href":"https:\/\/pflege-nagorsen.de\/index.php\/wp-json\/wp\/v2\/pages"}],"about":[{"href":"https:\/\/pflege-nagorsen.de\/index.php\/wp-json\/wp\/v2\/types\/page"}],"author":[{"embeddable":true,"href":"https:\/\/pflege-nagorsen.de\/index.php\/wp-json\/wp\/v2\/users\/1"}],"replies":[{"embeddable":true,"href":"https:\/\/pflege-nagorsen.de\/index.php\/wp-json\/wp\/v2\/comments?post=8"}],"version-history":[{"count":8,"href":"https:\/\/pflege-nagorsen.de\/index.php\/wp-json\/wp\/v2\/pages\/8\/revisions"}],"predecessor-version":[{"id":271,"href":"https:\/\/pflege-nagorsen.de\/index.php\/wp-json\/wp\/v2\/pages\/8\/revisions\/271"}],"wp:attachment":[{"href":"https:\/\/pflege-nagorsen.de\/index.php\/wp-json\/wp\/v2\/media?parent=8"}],"curies":[{"name":"wp","href":"https:\/\/api.w.org\/{rel}","templated":true}]}}